{"id":2151,"date":"2017-09-01T17:44:51","date_gmt":"2017-09-01T14:44:51","guid":{"rendered":"http:\/\/www.sigillum.fi\/?post_type=product&#038;p=2151"},"modified":"2026-03-27T15:35:24","modified_gmt":"2026-03-27T13:35:24","slug":"marika-honkaniemi-taistelusta-taiteeksi-tiedotuskomppanioiden-valokuvat-ateneumin-suomalais-saksalaisessa-taistelukuvaajain-nayttelyssa-1942","status":"publish","type":"product","link":"https:\/\/www.sigillum.fi\/sv\/tuote\/marika-honkaniemi-taistelusta-taiteeksi-tiedotuskomppanioiden-valokuvat-ateneumin-suomalais-saksalaisessa-taistelukuvaajain-nayttelyssa-1942\/","title":{"rendered":"Marika Honkaniemi: Taistelusta taiteeksi. Tiedotuskomppanioiden valokuvat Ateneumin suomalais-saksalaisessa Taistelukuvaajain n\u00e4yttelyss\u00e4 1942"},"content":{"rendered":"<p>\u201dTaistelusta taiteeksi &#8211; Tiedotuskomppanioiden valokuvat Ateneumin suomalais-saksalaisessa Taistelukuvaajain n\u00e4yttelyss\u00e4 1942\u201d pureutuu ensimm\u00e4ist\u00e4 kertaa sitten Taistelukuvaajain n\u00e4yttelyn sulkeutumisen suomalais-saksalaisen n\u00e4yttely-yhteisty\u00f6n merkitt\u00e4vimm\u00e4n tapahtuman suomalaisiin sotavalokuvateoksiin. Selke\u00e4\u00e4 ja havainnollistavaa kerrontaa tukevat informatiiviset kuva-sivut, joiden keski\u00f6ss\u00e4 ovat n\u00e4yttelyripustuksen ainutlaatuiset TK-teokset. \u201dTaistelusta taiteeksi\u201d avaa lukijalle valokuvan tavoin ainutlaatuisen ikkunan menneisyyteen: Mit\u00e4 kaikkea suomalainen taistelukuva voikaan olla?<\/p>\n","protected":false},"excerpt":{"rendered":"<p>\u201dHe ovat olleet omalla toiminnallaan kumoamassa v\u00e4itett\u00e4, ett\u00e4 taide on kuolemaantuomittu sodan puserruksessa.\u201d<\/p>\n<p>N\u00e4ill\u00e4 sanoilla kuvaili Propaganda-Aseveljet ry:n puheenjohtaja eversti Lauri Leander suomalaisten ja saksalaisten tiedotus- ja propagandavalokuvaajien ty\u00f6n tuloksia suomalais-saksalaisen Taistelukuvaajain n\u00e4yttelyn avajaisissa 16. toukokuuta 1942. Mutta millaisia olivat ne 137 suomalaista TK-valokuvaa, jotka saavuttivat taidearvonsa Taistelukuvaajain n\u00e4yttelyss\u00e4 ripustettuna Ateneumin seinille? Mit\u00e4 valokuvilla haluttiin viesti\u00e4 sodan kulusta ja arjesta? Ent\u00e4 millaisena suomalais-saksalainen aseveljeys n\u00e4ytt\u00e4ytyy suomalaisen valokuvaosaston kautta?<\/p>\n<p>\u201dTaistelusta taiteeksi &#8211; Tiedotuskomppanioiden valokuvat Ateneumin suomalais-saksalaisessa Taistelukuvaajain n\u00e4yttelyss\u00e4 1942\u201d pureutuu ensimm\u00e4ist\u00e4 kertaa sitten Taistelukuvaajain n\u00e4yttelyn sulkeutumisen suomalais-saksalaisen n\u00e4yttely-yhteisty\u00f6n merkitt\u00e4vimm\u00e4n tapahtuman suomalaisiin sotavalokuvateoksiin. Selke\u00e4\u00e4 ja havainnollistavaa kerrontaa tukevat informatiiviset kuva-sivut, joiden keski\u00f6ss\u00e4 ovat n\u00e4yttelyri-pustuksen ainutlaatuiset TK-teokset. \u201dTaistelusta taiteeksi\u201d avaa lukijalle valokuvan tavoin ainutlaatuisen ikkunan menneisyyteen: Mit\u00e4 kaikkea suomalainen TK-kuva voikaan olla?<\/p>\n","protected":false},"featured_media":2152,"comment_status":"closed","ping_status":"closed","template":"","meta":[],"product_brand":[],"product_cat":[122],"product_tag":[184,185,183],"class_list":{"0":"post-2151","1":"product","2":"type-product","3":"status-publish","4":"has-post-thumbnail","6":"product_cat-kirjat","7":"product_tag-tiedotuskomppania","8":"product_tag-valokuvaajat","9":"product_tag-valokuvat","10":"product_shipping_class-postipaketti","12":"first","13":"instock","14":"taxable","15":"shipping-taxable","16":"purchasable","17":"product-type-simple"},"yoast_head":"<!-- This site is optimized with the Yoast SEO plugin v21.1 - https:\/\/yoast.com\/wordpress\/plugins\/seo\/ -->\n<title>Marika Honkaniemi: Taistelusta taiteeksi. Tiedotuskomppanioiden valokuvat Ateneumin suomalais-saksalaisessa Taistelukuvaajain n\u00e4yttelyss\u00e4 1942 - Oy Sigillum Ab<\/title>\n<meta name=\"description\" content=\"&quot;Taistelusta taiteeksi\u201d avaa lukijalle valokuvan tavoin ainutlaatuisen ikkunan menneisyyteen: Mit\u00e4 kaikkea suomalainen taistelukuva voikaan olla?\" \/>\n<meta name=\"robots\" content=\"index, follow, max-snippet:-1, max-image-preview:large, max-video-preview:-1\" \/>\n<link rel=\"canonical\" href=\"https:\/\/www.sigillum.fi\/sv\/tuote\/marika-honkaniemi-taistelusta-taiteeksi-tiedotuskomppanioiden-valokuvat-ateneumin-suomalais-saksalaisessa-taistelukuvaajain-nayttelyssa-1942\/\" \/>\n<meta property=\"og:locale\" content=\"sv_SE\" \/>\n<meta property=\"og:type\" content=\"article\" \/>\n<meta property=\"og:title\" content=\"Marika Honkaniemi: Taistelusta taiteeksi. Tiedotuskomppanioiden valokuvat Ateneumin suomalais-saksalaisessa Taistelukuvaajain n\u00e4yttelyss\u00e4 1942 - Oy Sigillum Ab\" \/>\n<meta property=\"og:description\" content=\"&quot;Taistelusta taiteeksi\u201d avaa lukijalle valokuvan tavoin ainutlaatuisen ikkunan menneisyyteen: Mit\u00e4 kaikkea suomalainen taistelukuva voikaan olla?\" \/>\n<meta property=\"og:url\" content=\"https:\/\/www.sigillum.fi\/sv\/tuote\/marika-honkaniemi-taistelusta-taiteeksi-tiedotuskomppanioiden-valokuvat-ateneumin-suomalais-saksalaisessa-taistelukuvaajain-nayttelyssa-1942\/\" \/>\n<meta property=\"og:site_name\" content=\"Oy Sigillum Ab\" \/>\n<meta property=\"article:modified_time\" content=\"2026-03-27T13:35:24+00:00\" \/>\n<meta property=\"og:image\" content=\"https:\/\/www.sigillum.fi\/wp-content\/uploads\/2017\/09\/9789527220092.jpg\" \/>\n\t<meta property=\"og:image:width\" content=\"2540\" \/>\n\t<meta property=\"og:image:height\" content=\"2560\" \/>\n\t<meta property=\"og:image:type\" content=\"image\/jpeg\" \/>\n<meta name=\"twitter:card\" content=\"summary_large_image\" \/>\n<script type=\"application\/ld+json\" class=\"yoast-schema-graph\">{\"@context\":\"https:\/\/schema.org\",\"@graph\":[{\"@type\":[\"WebPage\",\"ItemPage\"],\"@id\":\"https:\/\/www.sigillum.fi\/sv\/tuote\/marika-honkaniemi-taistelusta-taiteeksi-tiedotuskomppanioiden-valokuvat-ateneumin-suomalais-saksalaisessa-taistelukuvaajain-nayttelyssa-1942\/\",\"url\":\"https:\/\/www.sigillum.fi\/sv\/tuote\/marika-honkaniemi-taistelusta-taiteeksi-tiedotuskomppanioiden-valokuvat-ateneumin-suomalais-saksalaisessa-taistelukuvaajain-nayttelyssa-1942\/\",\"name\":\"Marika Honkaniemi: Taistelusta taiteeksi. Tiedotuskomppanioiden valokuvat Ateneumin suomalais-saksalaisessa Taistelukuvaajain n\u00e4yttelyss\u00e4 1942 - Oy Sigillum Ab\",\"isPartOf\":{\"@id\":\"https:\/\/www.sigillum.fi\/sv\/#website\"},\"datePublished\":\"2017-09-01T14:44:51+00:00\",\"dateModified\":\"2026-03-27T13:35:24+00:00\",\"description\":\"\\\"Taistelusta taiteeksi\u201d avaa lukijalle valokuvan tavoin ainutlaatuisen ikkunan menneisyyteen: Mit\u00e4 kaikkea suomalainen taistelukuva voikaan olla?\",\"breadcrumb\":{\"@id\":\"https:\/\/www.sigillum.fi\/sv\/tuote\/marika-honkaniemi-taistelusta-taiteeksi-tiedotuskomppanioiden-valokuvat-ateneumin-suomalais-saksalaisessa-taistelukuvaajain-nayttelyssa-1942\/#breadcrumb\"},\"inLanguage\":\"sv-SE\",\"potentialAction\":[{\"@type\":\"ReadAction\",\"target\":[\"https:\/\/www.sigillum.fi\/sv\/tuote\/marika-honkaniemi-taistelusta-taiteeksi-tiedotuskomppanioiden-valokuvat-ateneumin-suomalais-saksalaisessa-taistelukuvaajain-nayttelyssa-1942\/\"]}]},{\"@type\":\"BreadcrumbList\",\"@id\":\"https:\/\/www.sigillum.fi\/sv\/tuote\/marika-honkaniemi-taistelusta-taiteeksi-tiedotuskomppanioiden-valokuvat-ateneumin-suomalais-saksalaisessa-taistelukuvaajain-nayttelyssa-1942\/#breadcrumb\",\"itemListElement\":[{\"@type\":\"ListItem\",\"position\":1,\"name\":\"Etusivu\",\"item\":\"https:\/\/www.sigillum.fi\/sv\/\"},{\"@type\":\"ListItem\",\"position\":2,\"name\":\"Butik\",\"item\":\"https:\/\/www.sigillum.fi\/sv\/butik\/\"},{\"@type\":\"ListItem\",\"position\":3,\"name\":\"Marika Honkaniemi: Taistelusta taiteeksi. Tiedotuskomppanioiden valokuvat Ateneumin suomalais-saksalaisessa Taistelukuvaajain n\u00e4yttelyss\u00e4 1942\"}]},{\"@type\":\"WebSite\",\"@id\":\"https:\/\/www.sigillum.fi\/sv\/#website\",\"url\":\"https:\/\/www.sigillum.fi\/sv\/\",\"name\":\"Oy Sigillum Ab\",\"description\":\"Oy Sigillum Ab\",\"publisher\":{\"@id\":\"https:\/\/www.sigillum.fi\/sv\/#organization\"},\"potentialAction\":[{\"@type\":\"SearchAction\",\"target\":{\"@type\":\"EntryPoint\",\"urlTemplate\":\"https:\/\/www.sigillum.fi\/sv\/?s={search_term_string}\"},\"query-input\":\"required name=search_term_string\"}],\"inLanguage\":\"sv-SE\"},{\"@type\":\"Organization\",\"@id\":\"https:\/\/www.sigillum.fi\/sv\/#organization\",\"name\":\"Oy Sigillum Ab\",\"url\":\"https:\/\/www.sigillum.fi\/sv\/\",\"logo\":{\"@type\":\"ImageObject\",\"inLanguage\":\"sv-SE\",\"@id\":\"https:\/\/www.sigillum.fi\/sv\/#\/schema\/logo\/image\/\",\"url\":\"https:\/\/www.sigillum.fi\/wp-content\/uploads\/2019\/11\/sigillum_sinettilogo_medium.png\",\"contentUrl\":\"https:\/\/www.sigillum.fi\/wp-content\/uploads\/2019\/11\/sigillum_sinettilogo_medium.png\",\"width\":900,\"height\":780,\"caption\":\"Oy Sigillum Ab\"},\"image\":{\"@id\":\"https:\/\/www.sigillum.fi\/sv\/#\/schema\/logo\/image\/\"}}]}<\/script>\n<!-- \/ Yoast SEO plugin. -->","yoast_head_json":{"title":"Marika Honkaniemi: Taistelusta taiteeksi. Tiedotuskomppanioiden valokuvat Ateneumin suomalais-saksalaisessa Taistelukuvaajain n\u00e4yttelyss\u00e4 1942 - Oy Sigillum Ab","description":"\"Taistelusta taiteeksi\u201d avaa lukijalle valokuvan tavoin ainutlaatuisen ikkunan menneisyyteen: Mit\u00e4 kaikkea suomalainen taistelukuva voikaan olla?","robots":{"index":"index","follow":"follow","max-snippet":"max-snippet:-1","max-image-preview":"max-image-preview:large","max-video-preview":"max-video-preview:-1"},"canonical":"https:\/\/www.sigillum.fi\/sv\/tuote\/marika-honkaniemi-taistelusta-taiteeksi-tiedotuskomppanioiden-valokuvat-ateneumin-suomalais-saksalaisessa-taistelukuvaajain-nayttelyssa-1942\/","og_locale":"sv_SE","og_type":"article","og_title":"Marika Honkaniemi: Taistelusta taiteeksi. Tiedotuskomppanioiden valokuvat Ateneumin suomalais-saksalaisessa Taistelukuvaajain n\u00e4yttelyss\u00e4 1942 - Oy Sigillum Ab","og_description":"\"Taistelusta taiteeksi\u201d avaa lukijalle valokuvan tavoin ainutlaatuisen ikkunan menneisyyteen: Mit\u00e4 kaikkea suomalainen taistelukuva voikaan olla?","og_url":"https:\/\/www.sigillum.fi\/sv\/tuote\/marika-honkaniemi-taistelusta-taiteeksi-tiedotuskomppanioiden-valokuvat-ateneumin-suomalais-saksalaisessa-taistelukuvaajain-nayttelyssa-1942\/","og_site_name":"Oy Sigillum Ab","article_modified_time":"2026-03-27T13:35:24+00:00","og_image":[{"width":2540,"height":2560,"url":"https:\/\/www.sigillum.fi\/wp-content\/uploads\/2017\/09\/9789527220092.jpg","type":"image\/jpeg"}],"twitter_card":"summary_large_image","schema":{"@context":"https:\/\/schema.org","@graph":[{"@type":["WebPage","ItemPage"],"@id":"https:\/\/www.sigillum.fi\/sv\/tuote\/marika-honkaniemi-taistelusta-taiteeksi-tiedotuskomppanioiden-valokuvat-ateneumin-suomalais-saksalaisessa-taistelukuvaajain-nayttelyssa-1942\/","url":"https:\/\/www.sigillum.fi\/sv\/tuote\/marika-honkaniemi-taistelusta-taiteeksi-tiedotuskomppanioiden-valokuvat-ateneumin-suomalais-saksalaisessa-taistelukuvaajain-nayttelyssa-1942\/","name":"Marika Honkaniemi: Taistelusta taiteeksi. Tiedotuskomppanioiden valokuvat Ateneumin suomalais-saksalaisessa Taistelukuvaajain n\u00e4yttelyss\u00e4 1942 - Oy Sigillum Ab","isPartOf":{"@id":"https:\/\/www.sigillum.fi\/sv\/#website"},"datePublished":"2017-09-01T14:44:51+00:00","dateModified":"2026-03-27T13:35:24+00:00","description":"\"Taistelusta taiteeksi\u201d avaa lukijalle valokuvan tavoin ainutlaatuisen ikkunan menneisyyteen: Mit\u00e4 kaikkea suomalainen taistelukuva voikaan olla?","breadcrumb":{"@id":"https:\/\/www.sigillum.fi\/sv\/tuote\/marika-honkaniemi-taistelusta-taiteeksi-tiedotuskomppanioiden-valokuvat-ateneumin-suomalais-saksalaisessa-taistelukuvaajain-nayttelyssa-1942\/#breadcrumb"},"inLanguage":"sv-SE","potentialAction":[{"@type":"ReadAction","target":["https:\/\/www.sigillum.fi\/sv\/tuote\/marika-honkaniemi-taistelusta-taiteeksi-tiedotuskomppanioiden-valokuvat-ateneumin-suomalais-saksalaisessa-taistelukuvaajain-nayttelyssa-1942\/"]}]},{"@type":"BreadcrumbList","@id":"https:\/\/www.sigillum.fi\/sv\/tuote\/marika-honkaniemi-taistelusta-taiteeksi-tiedotuskomppanioiden-valokuvat-ateneumin-suomalais-saksalaisessa-taistelukuvaajain-nayttelyssa-1942\/#breadcrumb","itemListElement":[{"@type":"ListItem","position":1,"name":"Etusivu","item":"https:\/\/www.sigillum.fi\/sv\/"},{"@type":"ListItem","position":2,"name":"Butik","item":"https:\/\/www.sigillum.fi\/sv\/butik\/"},{"@type":"ListItem","position":3,"name":"Marika Honkaniemi: Taistelusta taiteeksi. Tiedotuskomppanioiden valokuvat Ateneumin suomalais-saksalaisessa Taistelukuvaajain n\u00e4yttelyss\u00e4 1942"}]},{"@type":"WebSite","@id":"https:\/\/www.sigillum.fi\/sv\/#website","url":"https:\/\/www.sigillum.fi\/sv\/","name":"Oy Sigillum Ab","description":"Oy Sigillum Ab","publisher":{"@id":"https:\/\/www.sigillum.fi\/sv\/#organization"},"potentialAction":[{"@type":"SearchAction","target":{"@type":"EntryPoint","urlTemplate":"https:\/\/www.sigillum.fi\/sv\/?s={search_term_string}"},"query-input":"required name=search_term_string"}],"inLanguage":"sv-SE"},{"@type":"Organization","@id":"https:\/\/www.sigillum.fi\/sv\/#organization","name":"Oy Sigillum Ab","url":"https:\/\/www.sigillum.fi\/sv\/","logo":{"@type":"ImageObject","inLanguage":"sv-SE","@id":"https:\/\/www.sigillum.fi\/sv\/#\/schema\/logo\/image\/","url":"https:\/\/www.sigillum.fi\/wp-content\/uploads\/2019\/11\/sigillum_sinettilogo_medium.png","contentUrl":"https:\/\/www.sigillum.fi\/wp-content\/uploads\/2019\/11\/sigillum_sinettilogo_medium.png","width":900,"height":780,"caption":"Oy Sigillum Ab"},"image":{"@id":"https:\/\/www.sigillum.fi\/sv\/#\/schema\/logo\/image\/"}}]}},"_links":{"self":[{"href":"https:\/\/www.sigillum.fi\/sv\/wp-json\/wp\/v2\/product\/2151","targetHints":{"allow":["GET"]}}],"collection":[{"href":"https:\/\/www.sigillum.fi\/sv\/wp-json\/wp\/v2\/product"}],"about":[{"href":"https:\/\/www.sigillum.fi\/sv\/wp-json\/wp\/v2\/types\/product"}],"replies":[{"embeddable":true,"href":"https:\/\/www.sigillum.fi\/sv\/wp-json\/wp\/v2\/comments?post=2151"}],"wp:featuredmedia":[{"embeddable":true,"href":"https:\/\/www.sigillum.fi\/sv\/wp-json\/wp\/v2\/media\/2152"}],"wp:attachment":[{"href":"https:\/\/www.sigillum.fi\/sv\/wp-json\/wp\/v2\/media?parent=2151"}],"wp:term":[{"taxonomy":"product_brand","embeddable":true,"href":"https:\/\/www.sigillum.fi\/sv\/wp-json\/wp\/v2\/product_brand?post=2151"},{"taxonomy":"product_cat","embeddable":true,"href":"https:\/\/www.sigillum.fi\/sv\/wp-json\/wp\/v2\/product_cat?post=2151"},{"taxonomy":"product_tag","embeddable":true,"href":"https:\/\/www.sigillum.fi\/sv\/wp-json\/wp\/v2\/product_tag?post=2151"}],"curies":[{"name":"wp","href":"https:\/\/api.w.org\/{rel}","templated":true}]}}