{"id":2061,"date":"2017-04-11T15:48:48","date_gmt":"2017-04-11T12:48:48","guid":{"rendered":"http:\/\/www.sigillum.fi\/?post_type=product&#038;p=2061"},"modified":"2026-03-27T15:35:26","modified_gmt":"2026-03-27T13:35:26","slug":"teksteista-rakennettu-kaupunki","status":"publish","type":"product","link":"https:\/\/www.sigillum.fi\/sv\/tuote\/teksteista-rakennettu-kaupunki\/","title":{"rendered":"Panu Savolainen: Teksteist\u00e4 rakennettu kaupunki"},"content":{"rendered":"","protected":false},"excerpt":{"rendered":"<p>Julkisen ja yksityisen rajapinta kaupunkitilassa on jatkuva julkisen keskustelun kohde. Vaikka k\u00e4sitteet julkinen ja yksityinen juontuvat antiikista, niiden tilallisten merkitysten historiallisia ulottuvuuksia on tutkittu v\u00e4h\u00e4n. Kysymyksenasettelun polttopisteess\u00e4 ovat olleet tiedonv\u00e4lityksen, ideologioiden ja sosiaalisen el\u00e4m\u00e4n muodot: aikakauden suuret keskukset, ajattelun ja politiikan solmukohdat, eiv\u00e4t niink\u00e4\u00e4n arkiel\u00e4m\u00e4 ja tilallisuus.<\/p>\n<p>Teksteist\u00e4 rakennettu kaupunki luotaa 1700-luvun Turun kaupunkitilaa ja kaupunkiyhteis\u00f6n arkisia tilakokemuksia. Teoksessa yksityisen ja julkisen tilan ja tilak\u00e4sitteiden alkuper\u00e4\u00e4 kartoitetaan aikakauden eliitin laatimien avaintekstien sijaan ruohonjuuritasolta. Se etsiytyy keskikokoisen eurooppalaisen kaupungin \u00f6isille mukulakivikaduille, oikeusp\u00f6yt\u00e4kirjojen v\u00e4l\u00e4yksiin arjesta, krouveihin, Turun ensimm\u00e4isiin kahviloihin ja muun muassa teurastamon ullakolla sijainneeseen teatteriin.<\/p>\n<p>Teoksessa nousee esiin 1700-luvun tilak\u00e4sitysten moninaisuus, jonka ymm\u00e4rt\u00e4miseen moderni yksityisen ja julkisen kahtiajako ei sovellu. Tutkimus perustuu laajaan alkuper\u00e4isaineistoon, johon on valikoitu edustava l\u00e4pileikkaus 1700-luvun Turusta s\u00e4ilyneit\u00e4 tekstej\u00e4. Ne avaavat uusia maisemia niin vuoden 1827 suurpaloa edelt\u00e4neeseen Turkuun kuin yleisemminkin aikakauden Euroopan keskikokoisen kaupungin arkeen.<\/p>\n<p>328 sivua, sidottu. V\u00e4rikuvitus.<\/p>\n","protected":false},"featured_media":2062,"comment_status":"closed","ping_status":"closed","template":"","meta":[],"product_brand":[],"product_cat":[122],"product_tag":[],"class_list":{"0":"post-2061","1":"product","2":"type-product","3":"status-publish","4":"has-post-thumbnail","6":"product_cat-kirjat","7":"product_shipping_class-postipaketti","9":"first","10":"instock","11":"taxable","12":"shipping-taxable","13":"purchasable","14":"product-type-simple"},"yoast_head":"<!-- This site is optimized with the Yoast SEO plugin v21.1 - https:\/\/yoast.com\/wordpress\/plugins\/seo\/ -->\n<title>Panu Savolainen: Teksteist\u00e4 rakennettu kaupunki - Oy Sigillum Ab<\/title>\n<meta name=\"robots\" content=\"index, follow, max-snippet:-1, max-image-preview:large, max-video-preview:-1\" \/>\n<link rel=\"canonical\" href=\"https:\/\/www.sigillum.fi\/sv\/tuote\/teksteista-rakennettu-kaupunki\/\" \/>\n<meta property=\"og:locale\" content=\"sv_SE\" \/>\n<meta property=\"og:type\" content=\"article\" \/>\n<meta property=\"og:title\" content=\"Panu Savolainen: Teksteist\u00e4 rakennettu kaupunki - Oy Sigillum Ab\" \/>\n<meta property=\"og:description\" content=\"Julkisen ja yksityisen rajapinta kaupunkitilassa on jatkuva julkisen keskustelun kohde. Vaikka k\u00e4sitteet julkinen ja yksityinen juontuvat antiikista, niiden tilallisten merkitysten historiallisia ulottuvuuksia on tutkittu v\u00e4h\u00e4n. Kysymyksenasettelun polttopisteess\u00e4 ovat olleet tiedonv\u00e4lityksen, ideologioiden ja sosiaalisen el\u00e4m\u00e4n muodot: aikakauden suuret keskukset, ajattelun ja politiikan solmukohdat, eiv\u00e4t niink\u00e4\u00e4n arkiel\u00e4m\u00e4 ja tilallisuus.  Teksteist\u00e4 rakennettu kaupunki luotaa 1700-luvun Turun kaupunkitilaa ja kaupunkiyhteis\u00f6n arkisia tilakokemuksia. Teoksessa yksityisen ja julkisen tilan ja tilak\u00e4sitteiden alkuper\u00e4\u00e4 kartoitetaan aikakauden eliitin laatimien avaintekstien sijaan ruohonjuuritasolta. Se etsiytyy keskikokoisen eurooppalaisen kaupungin \u00f6isille mukulakivikaduille, oikeusp\u00f6yt\u00e4kirjojen v\u00e4l\u00e4yksiin arjesta, krouveihin, Turun ensimm\u00e4isiin kahviloihin ja muun muassa teurastamon ullakolla sijainneeseen teatteriin.  Teoksessa nousee esiin 1700-luvun tilak\u00e4sitysten moninaisuus, jonka ymm\u00e4rt\u00e4miseen moderni yksityisen ja julkisen kahtiajako ei sovellu. Tutkimus perustuu laajaan alkuper\u00e4isaineistoon, johon on valikoitu edustava l\u00e4pileikkaus 1700-luvun Turusta s\u00e4ilyneit\u00e4 tekstej\u00e4. Ne avaavat uusia maisemia niin vuoden 1827 suurpaloa edelt\u00e4neeseen Turkuun kuin yleisemminkin aikakauden Euroopan keskikokoisen kaupungin arkeen.  328 sivua, sidottu. V\u00e4rikuvitus.\" \/>\n<meta property=\"og:url\" content=\"https:\/\/www.sigillum.fi\/sv\/tuote\/teksteista-rakennettu-kaupunki\/\" \/>\n<meta property=\"og:site_name\" content=\"Oy Sigillum Ab\" \/>\n<meta property=\"article:modified_time\" content=\"2026-03-27T13:35:26+00:00\" \/>\n<meta property=\"og:image\" content=\"https:\/\/www.sigillum.fi\/wp-content\/uploads\/2017\/04\/Panu_etukansi_400x468-e1492082236301.jpg\" \/>\n\t<meta property=\"og:image:width\" content=\"256\" \/>\n\t<meta property=\"og:image:height\" content=\"300\" \/>\n\t<meta property=\"og:image:type\" content=\"image\/jpeg\" \/>\n<meta name=\"twitter:card\" content=\"summary_large_image\" \/>\n<script type=\"application\/ld+json\" class=\"yoast-schema-graph\">{\"@context\":\"https:\/\/schema.org\",\"@graph\":[{\"@type\":[\"WebPage\",\"ItemPage\"],\"@id\":\"https:\/\/www.sigillum.fi\/sv\/tuote\/teksteista-rakennettu-kaupunki\/\",\"url\":\"https:\/\/www.sigillum.fi\/sv\/tuote\/teksteista-rakennettu-kaupunki\/\",\"name\":\"Panu Savolainen: Teksteist\u00e4 rakennettu kaupunki - Oy Sigillum Ab\",\"isPartOf\":{\"@id\":\"https:\/\/www.sigillum.fi\/sv\/#website\"},\"datePublished\":\"2017-04-11T12:48:48+00:00\",\"dateModified\":\"2026-03-27T13:35:26+00:00\",\"breadcrumb\":{\"@id\":\"https:\/\/www.sigillum.fi\/sv\/tuote\/teksteista-rakennettu-kaupunki\/#breadcrumb\"},\"inLanguage\":\"sv-SE\",\"potentialAction\":[{\"@type\":\"ReadAction\",\"target\":[\"https:\/\/www.sigillum.fi\/sv\/tuote\/teksteista-rakennettu-kaupunki\/\"]}]},{\"@type\":\"BreadcrumbList\",\"@id\":\"https:\/\/www.sigillum.fi\/sv\/tuote\/teksteista-rakennettu-kaupunki\/#breadcrumb\",\"itemListElement\":[{\"@type\":\"ListItem\",\"position\":1,\"name\":\"Etusivu\",\"item\":\"https:\/\/www.sigillum.fi\/sv\/\"},{\"@type\":\"ListItem\",\"position\":2,\"name\":\"Butik\",\"item\":\"https:\/\/www.sigillum.fi\/sv\/butik\/\"},{\"@type\":\"ListItem\",\"position\":3,\"name\":\"Panu Savolainen: Teksteist\u00e4 rakennettu kaupunki\"}]},{\"@type\":\"WebSite\",\"@id\":\"https:\/\/www.sigillum.fi\/sv\/#website\",\"url\":\"https:\/\/www.sigillum.fi\/sv\/\",\"name\":\"Oy Sigillum Ab\",\"description\":\"Oy Sigillum Ab\",\"publisher\":{\"@id\":\"https:\/\/www.sigillum.fi\/sv\/#organization\"},\"potentialAction\":[{\"@type\":\"SearchAction\",\"target\":{\"@type\":\"EntryPoint\",\"urlTemplate\":\"https:\/\/www.sigillum.fi\/sv\/?s={search_term_string}\"},\"query-input\":\"required name=search_term_string\"}],\"inLanguage\":\"sv-SE\"},{\"@type\":\"Organization\",\"@id\":\"https:\/\/www.sigillum.fi\/sv\/#organization\",\"name\":\"Oy Sigillum Ab\",\"url\":\"https:\/\/www.sigillum.fi\/sv\/\",\"logo\":{\"@type\":\"ImageObject\",\"inLanguage\":\"sv-SE\",\"@id\":\"https:\/\/www.sigillum.fi\/sv\/#\/schema\/logo\/image\/\",\"url\":\"https:\/\/www.sigillum.fi\/wp-content\/uploads\/2019\/11\/sigillum_sinettilogo_medium.png\",\"contentUrl\":\"https:\/\/www.sigillum.fi\/wp-content\/uploads\/2019\/11\/sigillum_sinettilogo_medium.png\",\"width\":900,\"height\":780,\"caption\":\"Oy Sigillum Ab\"},\"image\":{\"@id\":\"https:\/\/www.sigillum.fi\/sv\/#\/schema\/logo\/image\/\"}}]}<\/script>\n<!-- \/ Yoast SEO plugin. -->","yoast_head_json":{"title":"Panu Savolainen: Teksteist\u00e4 rakennettu kaupunki - Oy Sigillum Ab","robots":{"index":"index","follow":"follow","max-snippet":"max-snippet:-1","max-image-preview":"max-image-preview:large","max-video-preview":"max-video-preview:-1"},"canonical":"https:\/\/www.sigillum.fi\/sv\/tuote\/teksteista-rakennettu-kaupunki\/","og_locale":"sv_SE","og_type":"article","og_title":"Panu Savolainen: Teksteist\u00e4 rakennettu kaupunki - Oy Sigillum Ab","og_description":"Julkisen ja yksityisen rajapinta kaupunkitilassa on jatkuva julkisen keskustelun kohde. Vaikka k\u00e4sitteet julkinen ja yksityinen juontuvat antiikista, niiden tilallisten merkitysten historiallisia ulottuvuuksia on tutkittu v\u00e4h\u00e4n. Kysymyksenasettelun polttopisteess\u00e4 ovat olleet tiedonv\u00e4lityksen, ideologioiden ja sosiaalisen el\u00e4m\u00e4n muodot: aikakauden suuret keskukset, ajattelun ja politiikan solmukohdat, eiv\u00e4t niink\u00e4\u00e4n arkiel\u00e4m\u00e4 ja tilallisuus.  Teksteist\u00e4 rakennettu kaupunki luotaa 1700-luvun Turun kaupunkitilaa ja kaupunkiyhteis\u00f6n arkisia tilakokemuksia. Teoksessa yksityisen ja julkisen tilan ja tilak\u00e4sitteiden alkuper\u00e4\u00e4 kartoitetaan aikakauden eliitin laatimien avaintekstien sijaan ruohonjuuritasolta. Se etsiytyy keskikokoisen eurooppalaisen kaupungin \u00f6isille mukulakivikaduille, oikeusp\u00f6yt\u00e4kirjojen v\u00e4l\u00e4yksiin arjesta, krouveihin, Turun ensimm\u00e4isiin kahviloihin ja muun muassa teurastamon ullakolla sijainneeseen teatteriin.  Teoksessa nousee esiin 1700-luvun tilak\u00e4sitysten moninaisuus, jonka ymm\u00e4rt\u00e4miseen moderni yksityisen ja julkisen kahtiajako ei sovellu. Tutkimus perustuu laajaan alkuper\u00e4isaineistoon, johon on valikoitu edustava l\u00e4pileikkaus 1700-luvun Turusta s\u00e4ilyneit\u00e4 tekstej\u00e4. Ne avaavat uusia maisemia niin vuoden 1827 suurpaloa edelt\u00e4neeseen Turkuun kuin yleisemminkin aikakauden Euroopan keskikokoisen kaupungin arkeen.  328 sivua, sidottu. V\u00e4rikuvitus.","og_url":"https:\/\/www.sigillum.fi\/sv\/tuote\/teksteista-rakennettu-kaupunki\/","og_site_name":"Oy Sigillum Ab","article_modified_time":"2026-03-27T13:35:26+00:00","og_image":[{"width":256,"height":300,"url":"https:\/\/www.sigillum.fi\/wp-content\/uploads\/2017\/04\/Panu_etukansi_400x468-e1492082236301.jpg","type":"image\/jpeg"}],"twitter_card":"summary_large_image","schema":{"@context":"https:\/\/schema.org","@graph":[{"@type":["WebPage","ItemPage"],"@id":"https:\/\/www.sigillum.fi\/sv\/tuote\/teksteista-rakennettu-kaupunki\/","url":"https:\/\/www.sigillum.fi\/sv\/tuote\/teksteista-rakennettu-kaupunki\/","name":"Panu Savolainen: Teksteist\u00e4 rakennettu kaupunki - Oy Sigillum Ab","isPartOf":{"@id":"https:\/\/www.sigillum.fi\/sv\/#website"},"datePublished":"2017-04-11T12:48:48+00:00","dateModified":"2026-03-27T13:35:26+00:00","breadcrumb":{"@id":"https:\/\/www.sigillum.fi\/sv\/tuote\/teksteista-rakennettu-kaupunki\/#breadcrumb"},"inLanguage":"sv-SE","potentialAction":[{"@type":"ReadAction","target":["https:\/\/www.sigillum.fi\/sv\/tuote\/teksteista-rakennettu-kaupunki\/"]}]},{"@type":"BreadcrumbList","@id":"https:\/\/www.sigillum.fi\/sv\/tuote\/teksteista-rakennettu-kaupunki\/#breadcrumb","itemListElement":[{"@type":"ListItem","position":1,"name":"Etusivu","item":"https:\/\/www.sigillum.fi\/sv\/"},{"@type":"ListItem","position":2,"name":"Butik","item":"https:\/\/www.sigillum.fi\/sv\/butik\/"},{"@type":"ListItem","position":3,"name":"Panu Savolainen: Teksteist\u00e4 rakennettu kaupunki"}]},{"@type":"WebSite","@id":"https:\/\/www.sigillum.fi\/sv\/#website","url":"https:\/\/www.sigillum.fi\/sv\/","name":"Oy Sigillum Ab","description":"Oy Sigillum Ab","publisher":{"@id":"https:\/\/www.sigillum.fi\/sv\/#organization"},"potentialAction":[{"@type":"SearchAction","target":{"@type":"EntryPoint","urlTemplate":"https:\/\/www.sigillum.fi\/sv\/?s={search_term_string}"},"query-input":"required name=search_term_string"}],"inLanguage":"sv-SE"},{"@type":"Organization","@id":"https:\/\/www.sigillum.fi\/sv\/#organization","name":"Oy Sigillum Ab","url":"https:\/\/www.sigillum.fi\/sv\/","logo":{"@type":"ImageObject","inLanguage":"sv-SE","@id":"https:\/\/www.sigillum.fi\/sv\/#\/schema\/logo\/image\/","url":"https:\/\/www.sigillum.fi\/wp-content\/uploads\/2019\/11\/sigillum_sinettilogo_medium.png","contentUrl":"https:\/\/www.sigillum.fi\/wp-content\/uploads\/2019\/11\/sigillum_sinettilogo_medium.png","width":900,"height":780,"caption":"Oy Sigillum Ab"},"image":{"@id":"https:\/\/www.sigillum.fi\/sv\/#\/schema\/logo\/image\/"}}]}},"_links":{"self":[{"href":"https:\/\/www.sigillum.fi\/sv\/wp-json\/wp\/v2\/product\/2061","targetHints":{"allow":["GET"]}}],"collection":[{"href":"https:\/\/www.sigillum.fi\/sv\/wp-json\/wp\/v2\/product"}],"about":[{"href":"https:\/\/www.sigillum.fi\/sv\/wp-json\/wp\/v2\/types\/product"}],"replies":[{"embeddable":true,"href":"https:\/\/www.sigillum.fi\/sv\/wp-json\/wp\/v2\/comments?post=2061"}],"wp:featuredmedia":[{"embeddable":true,"href":"https:\/\/www.sigillum.fi\/sv\/wp-json\/wp\/v2\/media\/2062"}],"wp:attachment":[{"href":"https:\/\/www.sigillum.fi\/sv\/wp-json\/wp\/v2\/media?parent=2061"}],"wp:term":[{"taxonomy":"product_brand","embeddable":true,"href":"https:\/\/www.sigillum.fi\/sv\/wp-json\/wp\/v2\/product_brand?post=2061"},{"taxonomy":"product_cat","embeddable":true,"href":"https:\/\/www.sigillum.fi\/sv\/wp-json\/wp\/v2\/product_cat?post=2061"},{"taxonomy":"product_tag","embeddable":true,"href":"https:\/\/www.sigillum.fi\/sv\/wp-json\/wp\/v2\/product_tag?post=2061"}],"curies":[{"name":"wp","href":"https:\/\/api.w.org\/{rel}","templated":true}]}}